{"id":44007,"date":"2020-12-01T16:18:16","date_gmt":"2020-12-01T15:18:16","guid":{"rendered":"https:\/\/laborcsomagok.kelen.hu\/en\/our-services\/outpatient-care\/internal-medicine\/post-covid-szurocsomag\/"},"modified":"2023-03-29T08:39:23","modified_gmt":"2023-03-29T06:39:23","slug":"post-covid-szurocsomag","status":"publish","type":"page","link":"https:\/\/laborcsomagok.kelen.hu\/en\/our-services\/outpatient-care\/internal-medicine\/post-covid-szurocsomag\/","title":{"rendered":"Post-Covid sz\u0171r\u0151csomag"},"content":{"rendered":"<p style=\"text-align: center;\"><span style=\"color: #000000;\"><span class=\"button-container center\"><a class=\"call-to-action-button btn btn-success btn-outlined \" href=\"\/jelentkezes-postcovid-szuresre\/\">Jelentkez\u00e9s<\/a><\/span><\/span><\/p>\n<p>A COVID-19 betegs\u00e9g l\u00e9g\u00fati fert\u0151z\u00e9s form\u00e1j\u00e1ban jelentkezik l\u00e1zzal, k\u00f6h\u00f6g\u00e9ssel, f\u00e1radts\u00e1ggal, neh\u00e9z l\u00e9gz\u00e9ssel.\u00a0 A jelenlegi ismereteink alapj\u00e1n a fert\u0151z\u00e9s 80%-a t\u00fcnetmentes vagy enyhe lefoly\u00e1s\u00fa.<br \/>\nA betegs\u00e9g nagyobb kock\u00e1zatot jelent id\u0151sebb korban, egy\u00e9b t\u00e1rsult betegs\u00e9gek eset\u00e9n (cukorbetegs\u00e9g, magas v\u00e9rnyom\u00e1s, sz\u00edv- \u00e9s \u00e9rrendszeri betegs\u00e9gek), azonban fiatalokn\u00e1l \u00e9s sportos \u00e9letet \u00e9l\u0151kn\u00e9l is ugyan\u00fagy el\u0151fordulhatnak elh\u00faz\u00f3d\u00f3, ak\u00e1r s\u00falyosabb t\u00fcnetek is.<\/p>\n<blockquote><p><strong>Ak\u00e1r a t\u00fcnetmentess\u00e9ggel vagy enyhe t\u00fcnetekkel lezajlott betegs\u00e9g ut\u00e1n is kialakulhatnak szervi elv\u00e1ltoz\u00e1sok, ez\u00e9rt csak fokozatosan szabad visszat\u00e9rni a kor\u00e1bbi \u00e9letvitelhez \u00e9s a sportol\u00e1shoz.<\/strong><\/p><\/blockquote>\n<h4><strong>Milyen sz\u00f6v\u0151dm\u00e9nyei lehetnek a koronav\u00edrusnak?<\/strong><\/h4>\n<p>A COVID-19 leggyakoribb sz\u00f6v\u0151dm\u00e9nye a l\u00e9gz\u00e9si el\u00e9gtelens\u00e9g, t\u00fcd\u0151gyullad\u00e1s, esetleg kardiol\u00f3giai sz\u00f6v\u0151dm\u00e9ny.<br \/>\nAkik t\u00fcnetmentesen, vagy m\u00e9rs\u00e9kelt t\u00fcnetekkel (l\u00e1z, k\u00f6h\u00f6g\u00e9s, izomf\u00e1jdalom, \u00edz- \u00e9s szagl\u00e1sveszt\u00e9s) estek \u00e1t a fert\u0151z\u00e9sen, n\u00e1luk is kialakulhatnak sz\u00f6v\u0151dm\u00e9nyek. Figyelmeztet\u0151 jel lehet a sok\u00e1ig elh\u00faz\u00f3d\u00f3 hetekig tart\u00f3 kr\u00f3nikus f\u00e1radts\u00e1g, neh\u00e9zl\u00e9gz\u00e9s, mellkasi f\u00e1jdalom.<\/p>\n<p>&nbsp;<\/p>\n<h4><strong>Kiknek aj\u00e1nljuk a kivizsg\u00e1l\u00e1st? <\/strong><\/h4>\n<p>Azoknak a betegeknek, akik PCR vizsg\u00e1lattal meger\u0151s\u00edtetten \u00e1testek a fert\u0151z\u00e9sen, \u00e9s a fert\u0151z\u00e9s \u00f3ta eltelt legal\u00e1bb 2-4 h\u00e9t \u00e9s m\u00e9g mind\u00edg panaszaik vannak, vagy fizikai \u00e1llapotuk nem t\u00e9rt vissza a betegs\u00e9g el\u0151tti szintre. A COVID-19 v\u00edrus els\u0151dlegesen a t\u00fcd\u0151t t\u00e1madja, de hozz\u00e1j\u00e1rulhat, hogy a szervezet t\u00falzott immunv\u00e1laszt produk\u00e1ljon, ami fokozza a gyullad\u00e1st szerte a testben. Emiatt az egyik leggyakoribb sz\u00f6v\u0151dm\u00e9ny a sz\u00edvizomgyullad\u00e1s. Enyhe t\u00fcnetek elm\u00falt\u00e1val, m\u00e9g a fel\u00e9p\u00fcl\u00e9s sor\u00e1n is \u00f3vatosan \u00e9s fokozatosan kell visszat\u00e9rni a kor\u00e1bbi mindennapi \u00e9letritmushoz, aktivit\u00e1shoz. Felt\u0171n\u0151 jele lehet a sz\u00f6v\u0151dm\u00e9ny kialakul\u00e1snak a tart\u00f3s f\u00e1radts\u00e1g, neh\u00e9z l\u00e9gz\u00e9s, terhel\u00e9sre jelentkez\u0151 fullad\u00e1s.<br \/>\nKell\u0151 k\u00f6r\u00fcltekint\u00e9ssel kell kezelni a koronav\u00edrus ut\u00e1ni fel\u00e9p\u00fcl\u00e9st akt\u00edvan sportol\u00f3k eset\u00e9ben. A rendszeres mozg\u00e1st megel\u0151z\u0151en kifejezetten aj\u00e1nlott kardiol\u00f3giai vizsg\u00e1lat a sz\u00edvizomgyullad\u00e1s kiz\u00e1r\u00e1s\u00e1ra m\u00e9g akkor is, ha a negat\u00edv PCR tesztek ut\u00e1n nincsenek m\u00e1r t\u00fcnetek.<\/p>\n<p>&nbsp;<\/p>\n<h4><strong>Milyen vizsg\u00e1latokat tartalmaz a sz\u0171r\u0151csomag?<\/strong><\/h4>\n<p>Enyhe t\u00fcnetek elm\u00falt\u00e1val, m\u00e9g a fel\u00e9p\u00fcl\u00e9s sor\u00e1n is \u00f3vatosan \u00e9s fokozatosan kell visszat\u00e9rni a kor\u00e1bbi mindennapi \u00e9letritmushoz, aktivit\u00e1shoz. Kell\u0151 k\u00f6r\u00fcltekint\u00e9ssel kell kezdeni a koronav\u00edrus ut\u00e1ni fel\u00e9p\u00fcl\u00e9st akt\u00edvan sportol\u00f3k eset\u00e9ben. A rendszeres mozg\u00e1st megel\u0151z\u0151en kifejezetten aj\u00e1nlott a kardiol\u00f3giai vizsg\u00e1lat a sz\u00edvizomgyullad\u00e1s kiz\u00e1r\u00e1s\u00e1ra m\u00e9g akkor is, ha a negat\u00edv tesztek ut\u00e1n nincsenek m\u00e1r t\u00fcnetek.<\/p>\n<p>A COVID-19 fert\u0151z\u00e9sen \u00e1tesett betegek sz\u00e1m\u00e1ra fontos, hogy szakorvosi \u00e9s kieg\u00e9sz\u00edtett vizsg\u00e1latokon vegyenek r\u00e9szt, amelyet szakmai aj\u00e1nl\u00e1sok alapj\u00e1n \u00e1ll\u00edtottunk \u00f6ssze:<\/p>\n<ul>\n<li>V\u00e9rnyom\u00e1s m\u00e9r\u00e9s<\/li>\n<li>Oxig\u00e9n szatur\u00e1ci\u00f3<\/li>\n<li>Testh\u0151m\u00e9rs\u00e9klet<\/li>\n<li>EKG<\/li>\n<li>Mellkas RTG<\/li>\n<li>Laborvizsg\u00e1lat: kardi\u00e1lis troponin, CRP, TSH, D-dimer, V\u00e9rk\u00e9p<\/li>\n<li>Belgy\u00f3gy\u00e1sz szakorvosi vizsg\u00e1lat<\/li>\n<li>Sz\u00edv UH<\/li>\n<\/ul>\n<p><strong>FONTOS! Amennyiben a kivizsg\u00e1l\u00e1s sor\u00e1n orvosaink tov\u00e1bbi vizsg\u00e1latokat vagy kontrollt javasolnak, ezek a vizsg\u00e1latok a sz\u0171r\u0151csomag d\u00edj\u00e1n fel\u00fcl ker\u00fclnek elsz\u00e1mol\u00e1sra.<\/strong><\/p>\n<p>&nbsp;<\/p>\n<h4 style=\"text-align: center;\"><strong>Sz\u0171r\u0151csomag \u00e1ra: 55 000 Ft <\/strong><\/h4>\n<p>&nbsp;<\/p>\n<p style=\"text-align: center;\"><span style=\"color: #000000;\"><span class=\"button-container center\"><a class=\"call-to-action-button btn btn-success btn-outlined \" href=\"\/jelentkezes-postcovid-szuresre\/\">Jelentkez\u00e9s<\/a><\/span><\/span><\/p>\n","protected":false},"excerpt":{"rendered":"<p>Jelentkez\u00e9s A COVID-19 betegs\u00e9g l\u00e9g\u00fati fert\u0151z\u00e9s form\u00e1j\u00e1ban jelentkezik l\u00e1zzal, k\u00f6h\u00f6g\u00e9ssel, f\u00e1radts\u00e1ggal, neh\u00e9z l\u00e9gz\u00e9ssel.\u00a0 A jelenlegi ismereteink alapj\u00e1n a fert\u0151z\u00e9s 80%-a t\u00fcnetmentes vagy enyhe lefoly\u00e1s\u00fa. A betegs\u00e9g nagyobb kock\u00e1zatot jelent id\u0151sebb korban, egy\u00e9b t\u00e1rsult betegs\u00e9gek eset\u00e9n (cukorbetegs\u00e9g, magas v\u00e9rnyom\u00e1s, sz\u00edv- \u00e9s \u00e9rrendszeri betegs\u00e9gek), azonban fiatalokn\u00e1l \u00e9s sportos \u00e9letet \u00e9l\u0151kn\u00e9l is ugyan\u00fagy el\u0151fordulhatnak elh\u00faz\u00f3d\u00f3, ak\u00e1r s\u00falyosabb t\u00fcnetek [&hellip;]<\/p>\n","protected":false},"author":3,"featured_media":0,"parent":7531,"menu_order":0,"comment_status":"closed","ping_status":"closed","template":"","meta":{"_acf_changed":false,"inline_featured_image":false,"_monsterinsights_skip_tracking":false,"_monsterinsights_sitenote_active":false,"_monsterinsights_sitenote_note":"","_monsterinsights_sitenote_category":0,"footnotes":""},"class_list":["post-44007","page","type-page","status-publish","hentry"],"acf":[],"yoast_head":"<!-- This site is optimized with the Yoast SEO plugin v23.5 - https:\/\/yoast.com\/wordpress\/plugins\/seo\/ -->\n<title>Post Covid sz\u0171r\u0151csomag - Aj\u00e1nlott szakorvosi vizsg\u00e1latok a fert\u0151z\u00e9s ut\u00e1n<\/title>\n<meta name=\"description\" content=\"Ha \u00e1tesett a fert\u0151z\u00e9sen, panaszai vannak, vagy fizikai \u00e1llapota nem t\u00e9rt vissza a betegs\u00e9g el\u0151tti szintre, aj\u00e1nlott az \u00e1llapotfelm\u00e9r\u0151 sz\u0171r\u00e9s.\" \/>\n<meta name=\"robots\" content=\"index, follow, max-snippet:-1, max-image-preview:large, max-video-preview:-1\" \/>\n<link rel=\"canonical\" href=\"https:\/\/laborcsomagok.kelen.hu\/en\/our-services\/outpatient-care\/internal-medicine\/post-covid-szurocsomag\/\" \/>\n<meta property=\"og:locale\" content=\"en_US\" \/>\n<meta property=\"og:type\" content=\"article\" \/>\n<meta property=\"og:title\" content=\"Post Covid sz\u0171r\u0151csomag - Aj\u00e1nlott szakorvosi vizsg\u00e1latok a fert\u0151z\u00e9s ut\u00e1n\" \/>\n<meta property=\"og:description\" content=\"Ha \u00e1tesett a fert\u0151z\u00e9sen, panaszai vannak, vagy fizikai \u00e1llapota nem t\u00e9rt vissza a betegs\u00e9g el\u0151tti szintre, aj\u00e1nlott az \u00e1llapotfelm\u00e9r\u0151 sz\u0171r\u00e9s.\" \/>\n<meta property=\"og:url\" content=\"https:\/\/laborcsomagok.kelen.hu\/en\/our-services\/outpatient-care\/internal-medicine\/post-covid-szurocsomag\/\" \/>\n<meta property=\"og:site_name\" content=\"Kelen K\u00f3rh\u00e1z\" \/>\n<meta property=\"article:modified_time\" content=\"2023-03-29T06:39:23+00:00\" \/>\n<meta name=\"twitter:card\" content=\"summary_large_image\" \/>\n<meta name=\"twitter:label1\" content=\"Est. reading time\" \/>\n\t<meta name=\"twitter:data1\" content=\"2 minutes\" \/>\n<script type=\"application\/ld+json\" class=\"yoast-schema-graph\">{\"@context\":\"https:\/\/schema.org\",\"@graph\":[{\"@type\":\"WebPage\",\"@id\":\"https:\/\/laborcsomagok.kelen.hu\/en\/our-services\/outpatient-care\/internal-medicine\/post-covid-szurocsomag\/\",\"url\":\"https:\/\/laborcsomagok.kelen.hu\/en\/our-services\/outpatient-care\/internal-medicine\/post-covid-szurocsomag\/\",\"name\":\"Post Covid sz\u0171r\u0151csomag - Aj\u00e1nlott szakorvosi vizsg\u00e1latok a fert\u0151z\u00e9s ut\u00e1n\",\"isPartOf\":{\"@id\":\"https:\/\/laborcsomagok.kelen.hu\/#website\"},\"datePublished\":\"2020-12-01T15:18:16+00:00\",\"dateModified\":\"2023-03-29T06:39:23+00:00\",\"description\":\"Ha \u00e1tesett a fert\u0151z\u00e9sen, panaszai vannak, vagy fizikai \u00e1llapota nem t\u00e9rt vissza a betegs\u00e9g el\u0151tti szintre, aj\u00e1nlott az \u00e1llapotfelm\u00e9r\u0151 sz\u0171r\u00e9s.\",\"breadcrumb\":{\"@id\":\"https:\/\/laborcsomagok.kelen.hu\/en\/our-services\/outpatient-care\/internal-medicine\/post-covid-szurocsomag\/#breadcrumb\"},\"inLanguage\":\"en-US\",\"potentialAction\":[{\"@type\":\"ReadAction\",\"target\":[\"https:\/\/laborcsomagok.kelen.hu\/en\/our-services\/outpatient-care\/internal-medicine\/post-covid-szurocsomag\/\"]}]},{\"@type\":\"BreadcrumbList\",\"@id\":\"https:\/\/laborcsomagok.kelen.hu\/en\/our-services\/outpatient-care\/internal-medicine\/post-covid-szurocsomag\/#breadcrumb\",\"itemListElement\":[{\"@type\":\"ListItem\",\"position\":1,\"name\":\"Home\",\"item\":\"https:\/\/laborcsomagok.kelen.hu\/en\/\"},{\"@type\":\"ListItem\",\"position\":2,\"name\":\"Our Services\",\"item\":\"https:\/\/laborcsomagok.kelen.hu\/en\/our-services\/\"},{\"@type\":\"ListItem\",\"position\":3,\"name\":\"Outpatient Care\",\"item\":\"https:\/\/laborcsomagok.kelen.hu\/en\/our-services\/outpatient-care\/\"},{\"@type\":\"ListItem\",\"position\":4,\"name\":\"Internal medicine\",\"item\":\"https:\/\/laborcsomagok.kelen.hu\/en\/our-services\/outpatient-care\/internal-medicine\/\"},{\"@type\":\"ListItem\",\"position\":5,\"name\":\"Post-Covid sz\u0171r\u0151csomag\"}]},{\"@type\":\"WebSite\",\"@id\":\"https:\/\/laborcsomagok.kelen.hu\/#website\",\"url\":\"https:\/\/laborcsomagok.kelen.hu\/\",\"name\":\"Kelen K\u00f3rh\u00e1z\",\"description\":false,\"potentialAction\":[{\"@type\":\"SearchAction\",\"target\":{\"@type\":\"EntryPoint\",\"urlTemplate\":\"https:\/\/laborcsomagok.kelen.hu\/?s={search_term_string}\"},\"query-input\":{\"@type\":\"PropertyValueSpecification\",\"valueRequired\":true,\"valueName\":\"search_term_string\"}}],\"inLanguage\":\"en-US\"}]}<\/script>\n<!-- \/ Yoast SEO plugin. -->","yoast_head_json":{"title":"Post Covid sz\u0171r\u0151csomag - Aj\u00e1nlott szakorvosi vizsg\u00e1latok a fert\u0151z\u00e9s ut\u00e1n","description":"Ha \u00e1tesett a fert\u0151z\u00e9sen, panaszai vannak, vagy fizikai \u00e1llapota nem t\u00e9rt vissza a betegs\u00e9g el\u0151tti szintre, aj\u00e1nlott az \u00e1llapotfelm\u00e9r\u0151 sz\u0171r\u00e9s.","robots":{"index":"index","follow":"follow","max-snippet":"max-snippet:-1","max-image-preview":"max-image-preview:large","max-video-preview":"max-video-preview:-1"},"canonical":"https:\/\/laborcsomagok.kelen.hu\/en\/our-services\/outpatient-care\/internal-medicine\/post-covid-szurocsomag\/","og_locale":"en_US","og_type":"article","og_title":"Post Covid sz\u0171r\u0151csomag - Aj\u00e1nlott szakorvosi vizsg\u00e1latok a fert\u0151z\u00e9s ut\u00e1n","og_description":"Ha \u00e1tesett a fert\u0151z\u00e9sen, panaszai vannak, vagy fizikai \u00e1llapota nem t\u00e9rt vissza a betegs\u00e9g el\u0151tti szintre, aj\u00e1nlott az \u00e1llapotfelm\u00e9r\u0151 sz\u0171r\u00e9s.","og_url":"https:\/\/laborcsomagok.kelen.hu\/en\/our-services\/outpatient-care\/internal-medicine\/post-covid-szurocsomag\/","og_site_name":"Kelen K\u00f3rh\u00e1z","article_modified_time":"2023-03-29T06:39:23+00:00","twitter_card":"summary_large_image","twitter_misc":{"Est. reading time":"2 minutes"},"schema":{"@context":"https:\/\/schema.org","@graph":[{"@type":"WebPage","@id":"https:\/\/laborcsomagok.kelen.hu\/en\/our-services\/outpatient-care\/internal-medicine\/post-covid-szurocsomag\/","url":"https:\/\/laborcsomagok.kelen.hu\/en\/our-services\/outpatient-care\/internal-medicine\/post-covid-szurocsomag\/","name":"Post Covid sz\u0171r\u0151csomag - Aj\u00e1nlott szakorvosi vizsg\u00e1latok a fert\u0151z\u00e9s ut\u00e1n","isPartOf":{"@id":"https:\/\/laborcsomagok.kelen.hu\/#website"},"datePublished":"2020-12-01T15:18:16+00:00","dateModified":"2023-03-29T06:39:23+00:00","description":"Ha \u00e1tesett a fert\u0151z\u00e9sen, panaszai vannak, vagy fizikai \u00e1llapota nem t\u00e9rt vissza a betegs\u00e9g el\u0151tti szintre, aj\u00e1nlott az \u00e1llapotfelm\u00e9r\u0151 sz\u0171r\u00e9s.","breadcrumb":{"@id":"https:\/\/laborcsomagok.kelen.hu\/en\/our-services\/outpatient-care\/internal-medicine\/post-covid-szurocsomag\/#breadcrumb"},"inLanguage":"en-US","potentialAction":[{"@type":"ReadAction","target":["https:\/\/laborcsomagok.kelen.hu\/en\/our-services\/outpatient-care\/internal-medicine\/post-covid-szurocsomag\/"]}]},{"@type":"BreadcrumbList","@id":"https:\/\/laborcsomagok.kelen.hu\/en\/our-services\/outpatient-care\/internal-medicine\/post-covid-szurocsomag\/#breadcrumb","itemListElement":[{"@type":"ListItem","position":1,"name":"Home","item":"https:\/\/laborcsomagok.kelen.hu\/en\/"},{"@type":"ListItem","position":2,"name":"Our Services","item":"https:\/\/laborcsomagok.kelen.hu\/en\/our-services\/"},{"@type":"ListItem","position":3,"name":"Outpatient Care","item":"https:\/\/laborcsomagok.kelen.hu\/en\/our-services\/outpatient-care\/"},{"@type":"ListItem","position":4,"name":"Internal medicine","item":"https:\/\/laborcsomagok.kelen.hu\/en\/our-services\/outpatient-care\/internal-medicine\/"},{"@type":"ListItem","position":5,"name":"Post-Covid sz\u0171r\u0151csomag"}]},{"@type":"WebSite","@id":"https:\/\/laborcsomagok.kelen.hu\/#website","url":"https:\/\/laborcsomagok.kelen.hu\/","name":"Kelen K\u00f3rh\u00e1z","description":false,"potentialAction":[{"@type":"SearchAction","target":{"@type":"EntryPoint","urlTemplate":"https:\/\/laborcsomagok.kelen.hu\/?s={search_term_string}"},"query-input":{"@type":"PropertyValueSpecification","valueRequired":true,"valueName":"search_term_string"}}],"inLanguage":"en-US"}]}},"_links":{"self":[{"href":"https:\/\/laborcsomagok.kelen.hu\/en\/wp-json\/wp\/v2\/pages\/44007"}],"collection":[{"href":"https:\/\/laborcsomagok.kelen.hu\/en\/wp-json\/wp\/v2\/pages"}],"about":[{"href":"https:\/\/laborcsomagok.kelen.hu\/en\/wp-json\/wp\/v2\/types\/page"}],"author":[{"embeddable":true,"href":"https:\/\/laborcsomagok.kelen.hu\/en\/wp-json\/wp\/v2\/users\/3"}],"replies":[{"embeddable":true,"href":"https:\/\/laborcsomagok.kelen.hu\/en\/wp-json\/wp\/v2\/comments?post=44007"}],"version-history":[{"count":19,"href":"https:\/\/laborcsomagok.kelen.hu\/en\/wp-json\/wp\/v2\/pages\/44007\/revisions"}],"predecessor-version":[{"id":116387,"href":"https:\/\/laborcsomagok.kelen.hu\/en\/wp-json\/wp\/v2\/pages\/44007\/revisions\/116387"}],"up":[{"embeddable":true,"href":"https:\/\/laborcsomagok.kelen.hu\/en\/wp-json\/wp\/v2\/pages\/7531"}],"wp:attachment":[{"href":"https:\/\/laborcsomagok.kelen.hu\/en\/wp-json\/wp\/v2\/media?parent=44007"}],"curies":[{"name":"wp","href":"https:\/\/api.w.org\/{rel}","templated":true}]}}